{"id":35409,"date":"2018-09-22T16:04:24","date_gmt":"2018-09-22T15:04:24","guid":{"rendered":"https:\/\/leonegra.com\/libro\/a-ira-dos-mansos\/"},"modified":"2023-04-22T02:36:29","modified_gmt":"2023-04-22T00:36:29","slug":"a-ira-dos-mansos","status":"publish","type":"libro","link":"https:\/\/leonegra.com\/gl\/libro\/a-ira-dos-mansos\/","title":{"rendered":"A ira dos mansos"},"content":{"rendered":"<h5>Sinopse de A ira dos mansos<\/h5>\n<p>O cad\u00e1ver dunha nena con s\u00edndrome de down aparece nos terreos do edificio Bandeira en Vigo. Para resolver o crime, o inspector <a href=\"https:\/\/leonegra.com\/gl\/serie\/carlos-manso-gl\/\">Carlos Manso<\/a> ten que percorrer os intestinos da delincuencia viguesa e internacional.<\/p>\n<p>O inspector m\u00f3vese habilmente polos diversos escenarios da cidade e vive, ao tempo, un proceso que derruba as s\u00faas barreiras emocionais.<\/p>\n<p>A ira dos mansos \u00e9 unha magn\u00edfica novela policial, cun acusado enfoque social, que prop\u00f3n unha viaxe de superaci\u00f3n de moitos prexu\u00edzos, cuestionando a normalidade e a perfecci\u00f3n e obrigando \u00e1 reflexi\u00f3n.<\/p>\n<p>Escrita cun estilo directo, r\u00e1pido, eficaz, sen adob\u00edos, a novela ap\u00f3iase nun gran sentido do humor, \u00e1s veces \u00e1cido e c\u00ednico, e nunha trama que nos atrapa, e que nos obriga a seguir lendo, coloc\u00e1ndonos contra as cordas \u00e1 hora de percibir o que \u00e9 e non \u00e9 pertinente dentro das convenci\u00f3ns sociais, e po\u00f1endo en valor as persoas que traballan con colectivos con s\u00edndrome de down.<\/p>\n<p>A ira dos mansos \u00e9 unha novela negra cunha historia trepidante que trata sobre a inclusi\u00f3n, a dignidade e o respecto.<\/p>\n<p>Sinopse de A ira dos mansos tomada de <a href=\"https:\/\/www.amazon.es\/ira-mansos-Edici%C3%B3n-Literaria-Book-ebook\/dp\/B01M1CZTZP\/ref=as_li_ss_tl?_encoding=UTF8&amp;qid=1582418389&amp;sr=1-1&amp;linkCode=ll1&amp;tag=leonegra-21&amp;linkId=a5304240b9de8954262484d5e28c07db&amp;language=es_ES\">Amazon<\/a><\/p>\n","protected":false},"featured_media":75107,"parent":0,"comment_status":"open","ping_status":"closed","template":"","meta":{"_uag_custom_page_level_css":"","site-sidebar-layout":"default","site-content-layout":"","ast-site-content-layout":"default","site-content-style":"default","site-sidebar-style":"default","ast-global-header-display":"","ast-banner-title-visibility":"","ast-main-header-display":"","ast-hfb-above-header-display":"","ast-hfb-below-header-display":"","ast-hfb-mobile-header-display":"","site-post-title":"","ast-breadcrumbs-content":"","ast-featured-img":"","footer-sml-layout":"","ast-disable-related-posts":"","theme-transparent-header-meta":"","adv-header-id-meta":"","stick-header-meta":"","header-above-stick-meta":"","header-main-stick-meta":"","header-below-stick-meta":"","astra-migrate-meta-layouts":"default","ast-page-background-enabled":"default","ast-page-background-meta":{"desktop":{"background-color":"","background-image":"","background-repeat":"repeat","background-position":"center center","background-size":"auto","background-attachment":"scroll","background-type":"","background-media":"","overlay-type":"","overlay-color":"","overlay-opacity":"","overlay-gradient":""},"tablet":{"background-color":"","background-image":"","background-repeat":"repeat","background-position":"center center","background-size":"auto","background-attachment":"scroll","background-type":"","background-media":"","overlay-type":"","overlay-color":"","overlay-opacity":"","overlay-gradient":""},"mobile":{"background-color":"","background-image":"","background-repeat":"repeat","background-position":"center center","background-size":"auto","background-attachment":"scroll","background-type":"","background-media":"","overlay-type":"","overlay-color":"","overlay-opacity":"","overlay-gradient":""}},"ast-content-background-meta":{"desktop":{"background-color":"var(--ast-global-color-5)","background-image":"","background-repeat":"repeat","background-position":"center center","background-size":"auto","background-attachment":"scroll","background-type":"","background-media":"","overlay-type":"","overlay-color":"","overlay-opacity":"","overlay-gradient":""},"tablet":{"background-color":"var(--ast-global-color-5)","background-image":"","background-repeat":"repeat","background-position":"center center","background-size":"auto","background-attachment":"scroll","background-type":"","background-media":"","overlay-type":"","overlay-color":"","overlay-opacity":"","overlay-gradient":""},"mobile":{"background-color":"var(--ast-global-color-5)","background-image":"","background-repeat":"repeat","background-position":"center center","background-size":"auto","background-attachment":"scroll","background-type":"","background-media":"","overlay-type":"","overlay-color":"","overlay-opacity":"","overlay-gradient":""}}},"categories":[24423,20568],"editorial":[1302],"ano":[1509],"idioma":[24549],"formato":[500],"serie":[20582],"autoridad":[20583],"audio":[],"tiene-resena":[],"class_list":["post-35409","libro","type-libro","status-publish","has-post-thumbnail","hentry","category-libros-gl","category-leido-gl","editorial-edicions-xerais","ano-1509","idioma-galego","formato-ebook","serie-carlos-manso-gl","autoridad-manuel-esteban-gl"],"yoast_head":"<!-- This site is optimized with the Yoast SEO plugin v27.5 - https:\/\/yoast.com\/product\/yoast-seo-wordpress\/ -->\n<title>A ira dos mansos | Carlos Manso, 1 | A mi\u00f1a biblioteca negra<\/title>\n<meta name=\"description\" content=\"A ira dos mansos | O cad\u00e1ver dunha nena con s\u00edndrome de down aparece nos terreos do edificio Bandeira en Vigo. Para resolver o crime...\" \/>\n<meta name=\"robots\" content=\"index, follow, max-snippet:-1, max-image-preview:large, max-video-preview:-1\" \/>\n<link rel=\"canonical\" href=\"https:\/\/leonegra.com\/gl\/libro\/a-ira-dos-mansos\/\" \/>\n<meta property=\"og:locale\" content=\"gl_ES\" \/>\n<meta property=\"og:type\" content=\"article\" \/>\n<meta property=\"og:title\" content=\"A ira dos mansos | Carlos Manso, 1 | A mi\u00f1a biblioteca negra\" \/>\n<meta property=\"og:description\" content=\"A ira dos mansos | O cad\u00e1ver dunha nena con s\u00edndrome de down aparece nos terreos do edificio Bandeira en Vigo. Para resolver o crime...\" \/>\n<meta property=\"og:url\" content=\"https:\/\/leonegra.com\/gl\/libro\/a-ira-dos-mansos\/\" \/>\n<meta property=\"og:site_name\" content=\"A mi\u00f1a biblioteca negra\" \/>\n<meta property=\"article:modified_time\" content=\"2023-04-22T00:36:29+00:00\" \/>\n<meta property=\"og:image\" content=\"https:\/\/leonegra.com\/wp-content\/uploads\/2018\/09\/1836-a-ira-dos-mansos.jpg\" \/>\n\t<meta property=\"og:image:width\" content=\"200\" \/>\n\t<meta property=\"og:image:height\" content=\"303\" \/>\n\t<meta property=\"og:image:type\" content=\"image\/jpeg\" \/>\n<meta name=\"twitter:card\" content=\"summary_large_image\" \/>\n<meta name=\"twitter:label1\" content=\"Tempo de lectura\" \/>\n\t<meta name=\"twitter:data1\" content=\"1 minute\" \/>\n<script type=\"application\/ld+json\" class=\"yoast-schema-graph\">{\"@context\":\"https:\\\/\\\/schema.org\",\"@graph\":[{\"@type\":\"WebPage\",\"@id\":\"https:\\\/\\\/leonegra.com\\\/gl\\\/libro\\\/a-ira-dos-mansos\\\/\",\"url\":\"https:\\\/\\\/leonegra.com\\\/gl\\\/libro\\\/a-ira-dos-mansos\\\/\",\"name\":\"A ira dos mansos | Carlos Manso, 1 | A mi\u00f1a biblioteca negra\",\"isPartOf\":{\"@id\":\"https:\\\/\\\/leonegra.com\\\/gl\\\/#website\"},\"primaryImageOfPage\":{\"@id\":\"https:\\\/\\\/leonegra.com\\\/gl\\\/libro\\\/a-ira-dos-mansos\\\/#primaryimage\"},\"image\":{\"@id\":\"https:\\\/\\\/leonegra.com\\\/gl\\\/libro\\\/a-ira-dos-mansos\\\/#primaryimage\"},\"thumbnailUrl\":\"https:\\\/\\\/leonegra.com\\\/wp-content\\\/uploads\\\/2018\\\/09\\\/1836-a-ira-dos-mansos.jpg\",\"datePublished\":\"2018-09-22T15:04:24+00:00\",\"dateModified\":\"2023-04-22T00:36:29+00:00\",\"description\":\"A ira dos mansos | O cad\u00e1ver dunha nena con s\u00edndrome de down aparece nos terreos do edificio Bandeira en Vigo. Para resolver o crime...\",\"breadcrumb\":{\"@id\":\"https:\\\/\\\/leonegra.com\\\/gl\\\/libro\\\/a-ira-dos-mansos\\\/#breadcrumb\"},\"inLanguage\":\"gl-ES\",\"potentialAction\":[{\"@type\":\"ReadAction\",\"target\":[\"https:\\\/\\\/leonegra.com\\\/gl\\\/libro\\\/a-ira-dos-mansos\\\/\"]}]},{\"@type\":\"ImageObject\",\"inLanguage\":\"gl-ES\",\"@id\":\"https:\\\/\\\/leonegra.com\\\/gl\\\/libro\\\/a-ira-dos-mansos\\\/#primaryimage\",\"url\":\"https:\\\/\\\/leonegra.com\\\/wp-content\\\/uploads\\\/2018\\\/09\\\/1836-a-ira-dos-mansos.jpg\",\"contentUrl\":\"https:\\\/\\\/leonegra.com\\\/wp-content\\\/uploads\\\/2018\\\/09\\\/1836-a-ira-dos-mansos.jpg\",\"width\":200,\"height\":303,\"caption\":\"A ira dos mansos\"},{\"@type\":\"BreadcrumbList\",\"@id\":\"https:\\\/\\\/leonegra.com\\\/gl\\\/libro\\\/a-ira-dos-mansos\\\/#breadcrumb\",\"itemListElement\":[{\"@type\":\"ListItem\",\"position\":1,\"name\":\"Portada\",\"item\":\"https:\\\/\\\/leonegra.com\\\/gl\\\/\"},{\"@type\":\"ListItem\",\"position\":2,\"name\":\"Libros\",\"item\":\"https:\\\/\\\/leonegra.com\\\/gl\\\/libro\\\/\"},{\"@type\":\"ListItem\",\"position\":3,\"name\":\"A ira dos mansos\"}]},{\"@type\":\"WebSite\",\"@id\":\"https:\\\/\\\/leonegra.com\\\/gl\\\/#website\",\"url\":\"https:\\\/\\\/leonegra.com\\\/gl\\\/\",\"name\":\"Mi biblioteca negra\",\"description\":\"\",\"publisher\":{\"@id\":\"https:\\\/\\\/leonegra.com\\\/gl\\\/#\\\/schema\\\/person\\\/167e6db386d83c82c56658a2e297b976\"},\"potentialAction\":[{\"@type\":\"SearchAction\",\"target\":{\"@type\":\"EntryPoint\",\"urlTemplate\":\"https:\\\/\\\/leonegra.com\\\/gl\\\/?s={search_term_string}\"},\"query-input\":{\"@type\":\"PropertyValueSpecification\",\"valueRequired\":true,\"valueName\":\"search_term_string\"}}],\"inLanguage\":\"gl-ES\"},{\"@type\":[\"Person\",\"Organization\"],\"@id\":\"https:\\\/\\\/leonegra.com\\\/gl\\\/#\\\/schema\\\/person\\\/167e6db386d83c82c56658a2e297b976\",\"name\":\"Marta\",\"image\":{\"@type\":\"ImageObject\",\"inLanguage\":\"gl-ES\",\"@id\":\"https:\\\/\\\/leonegra.com\\\/wp-content\\\/uploads\\\/2025\\\/09\\\/00-05-leo-copia.jpg\",\"url\":\"https:\\\/\\\/leonegra.com\\\/wp-content\\\/uploads\\\/2025\\\/09\\\/00-05-leo-copia.jpg\",\"contentUrl\":\"https:\\\/\\\/leonegra.com\\\/wp-content\\\/uploads\\\/2025\\\/09\\\/00-05-leo-copia.jpg\",\"width\":512,\"height\":384,\"caption\":\"Marta\"},\"logo\":{\"@id\":\"https:\\\/\\\/leonegra.com\\\/wp-content\\\/uploads\\\/2025\\\/09\\\/00-05-leo-copia.jpg\"}}]}<\/script>\n<!-- \/ Yoast SEO plugin. -->","yoast_head_json":{"title":"A ira dos mansos | Carlos Manso, 1 | A mi\u00f1a biblioteca negra","description":"A ira dos mansos | O cad\u00e1ver dunha nena con s\u00edndrome de down aparece nos terreos do edificio Bandeira en Vigo. Para resolver o crime...","robots":{"index":"index","follow":"follow","max-snippet":"max-snippet:-1","max-image-preview":"max-image-preview:large","max-video-preview":"max-video-preview:-1"},"canonical":"https:\/\/leonegra.com\/gl\/libro\/a-ira-dos-mansos\/","og_locale":"gl_ES","og_type":"article","og_title":"A ira dos mansos | Carlos Manso, 1 | A mi\u00f1a biblioteca negra","og_description":"A ira dos mansos | O cad\u00e1ver dunha nena con s\u00edndrome de down aparece nos terreos do edificio Bandeira en Vigo. Para resolver o crime...","og_url":"https:\/\/leonegra.com\/gl\/libro\/a-ira-dos-mansos\/","og_site_name":"A mi\u00f1a biblioteca negra","article_modified_time":"2023-04-22T00:36:29+00:00","og_image":[{"width":200,"height":303,"url":"https:\/\/leonegra.com\/wp-content\/uploads\/2018\/09\/1836-a-ira-dos-mansos.jpg","type":"image\/jpeg"}],"twitter_card":"summary_large_image","twitter_misc":{"Tempo de lectura":"1 minute"},"schema":{"@context":"https:\/\/schema.org","@graph":[{"@type":"WebPage","@id":"https:\/\/leonegra.com\/gl\/libro\/a-ira-dos-mansos\/","url":"https:\/\/leonegra.com\/gl\/libro\/a-ira-dos-mansos\/","name":"A ira dos mansos | Carlos Manso, 1 | A mi\u00f1a biblioteca negra","isPartOf":{"@id":"https:\/\/leonegra.com\/gl\/#website"},"primaryImageOfPage":{"@id":"https:\/\/leonegra.com\/gl\/libro\/a-ira-dos-mansos\/#primaryimage"},"image":{"@id":"https:\/\/leonegra.com\/gl\/libro\/a-ira-dos-mansos\/#primaryimage"},"thumbnailUrl":"https:\/\/leonegra.com\/wp-content\/uploads\/2018\/09\/1836-a-ira-dos-mansos.jpg","datePublished":"2018-09-22T15:04:24+00:00","dateModified":"2023-04-22T00:36:29+00:00","description":"A ira dos mansos | O cad\u00e1ver dunha nena con s\u00edndrome de down aparece nos terreos do edificio Bandeira en Vigo. Para resolver o crime...","breadcrumb":{"@id":"https:\/\/leonegra.com\/gl\/libro\/a-ira-dos-mansos\/#breadcrumb"},"inLanguage":"gl-ES","potentialAction":[{"@type":"ReadAction","target":["https:\/\/leonegra.com\/gl\/libro\/a-ira-dos-mansos\/"]}]},{"@type":"ImageObject","inLanguage":"gl-ES","@id":"https:\/\/leonegra.com\/gl\/libro\/a-ira-dos-mansos\/#primaryimage","url":"https:\/\/leonegra.com\/wp-content\/uploads\/2018\/09\/1836-a-ira-dos-mansos.jpg","contentUrl":"https:\/\/leonegra.com\/wp-content\/uploads\/2018\/09\/1836-a-ira-dos-mansos.jpg","width":200,"height":303,"caption":"A ira dos mansos"},{"@type":"BreadcrumbList","@id":"https:\/\/leonegra.com\/gl\/libro\/a-ira-dos-mansos\/#breadcrumb","itemListElement":[{"@type":"ListItem","position":1,"name":"Portada","item":"https:\/\/leonegra.com\/gl\/"},{"@type":"ListItem","position":2,"name":"Libros","item":"https:\/\/leonegra.com\/gl\/libro\/"},{"@type":"ListItem","position":3,"name":"A ira dos mansos"}]},{"@type":"WebSite","@id":"https:\/\/leonegra.com\/gl\/#website","url":"https:\/\/leonegra.com\/gl\/","name":"Mi biblioteca negra","description":"","publisher":{"@id":"https:\/\/leonegra.com\/gl\/#\/schema\/person\/167e6db386d83c82c56658a2e297b976"},"potentialAction":[{"@type":"SearchAction","target":{"@type":"EntryPoint","urlTemplate":"https:\/\/leonegra.com\/gl\/?s={search_term_string}"},"query-input":{"@type":"PropertyValueSpecification","valueRequired":true,"valueName":"search_term_string"}}],"inLanguage":"gl-ES"},{"@type":["Person","Organization"],"@id":"https:\/\/leonegra.com\/gl\/#\/schema\/person\/167e6db386d83c82c56658a2e297b976","name":"Marta","image":{"@type":"ImageObject","inLanguage":"gl-ES","@id":"https:\/\/leonegra.com\/wp-content\/uploads\/2025\/09\/00-05-leo-copia.jpg","url":"https:\/\/leonegra.com\/wp-content\/uploads\/2025\/09\/00-05-leo-copia.jpg","contentUrl":"https:\/\/leonegra.com\/wp-content\/uploads\/2025\/09\/00-05-leo-copia.jpg","width":512,"height":384,"caption":"Marta"},"logo":{"@id":"https:\/\/leonegra.com\/wp-content\/uploads\/2025\/09\/00-05-leo-copia.jpg"}}]}},"uagb_featured_image_src":{"full":["https:\/\/leonegra.com\/wp-content\/uploads\/2018\/09\/1836-a-ira-dos-mansos.jpg",200,303,false],"thumbnail":["https:\/\/leonegra.com\/wp-content\/uploads\/2018\/09\/1836-a-ira-dos-mansos.jpg",63,96,false],"medium":["https:\/\/leonegra.com\/wp-content\/uploads\/2018\/09\/1836-a-ira-dos-mansos.jpg",200,303,false],"medium_large":["https:\/\/leonegra.com\/wp-content\/uploads\/2018\/09\/1836-a-ira-dos-mansos.jpg",200,303,false],"large":["https:\/\/leonegra.com\/wp-content\/uploads\/2018\/09\/1836-a-ira-dos-mansos.jpg",200,303,false],"1536x1536":["https:\/\/leonegra.com\/wp-content\/uploads\/2018\/09\/1836-a-ira-dos-mansos.jpg",200,303,false],"2048x2048":["https:\/\/leonegra.com\/wp-content\/uploads\/2018\/09\/1836-a-ira-dos-mansos.jpg",200,303,false]},"uagb_author_info":{"display_name":"Marta","author_link":"https:\/\/leonegra.com\/gl\/author\/"},"uagb_comment_info":0,"uagb_excerpt":"Sinopse de A ira dos mansos O cad\u00e1ver dunha nena con s\u00edndrome de down aparece nos terreos do edificio Bandeira en Vigo. Para resolver o crime, o inspector Carlos Manso ten que percorrer os intestinos da delincuencia viguesa e internacional. O inspector m\u00f3vese habilmente polos diversos escenarios da cidade e vive, ao tempo, un proceso&hellip;","_links":{"self":[{"href":"https:\/\/leonegra.com\/gl\/wp-json\/wp\/v2\/libro\/35409","targetHints":{"allow":["GET"]}}],"collection":[{"href":"https:\/\/leonegra.com\/gl\/wp-json\/wp\/v2\/libro"}],"about":[{"href":"https:\/\/leonegra.com\/gl\/wp-json\/wp\/v2\/types\/libro"}],"replies":[{"embeddable":true,"href":"https:\/\/leonegra.com\/gl\/wp-json\/wp\/v2\/comments?post=35409"}],"wp:featuredmedia":[{"embeddable":true,"href":"https:\/\/leonegra.com\/gl\/wp-json\/wp\/v2\/media\/75107"}],"wp:attachment":[{"href":"https:\/\/leonegra.com\/gl\/wp-json\/wp\/v2\/media?parent=35409"}],"wp:term":[{"taxonomy":"category","embeddable":true,"href":"https:\/\/leonegra.com\/gl\/wp-json\/wp\/v2\/categories?post=35409"},{"taxonomy":"editorial","embeddable":true,"href":"https:\/\/leonegra.com\/gl\/wp-json\/wp\/v2\/editorial?post=35409"},{"taxonomy":"ano","embeddable":true,"href":"https:\/\/leonegra.com\/gl\/wp-json\/wp\/v2\/ano?post=35409"},{"taxonomy":"idioma","embeddable":true,"href":"https:\/\/leonegra.com\/gl\/wp-json\/wp\/v2\/idioma?post=35409"},{"taxonomy":"formato","embeddable":true,"href":"https:\/\/leonegra.com\/gl\/wp-json\/wp\/v2\/formato?post=35409"},{"taxonomy":"serie","embeddable":true,"href":"https:\/\/leonegra.com\/gl\/wp-json\/wp\/v2\/serie?post=35409"},{"taxonomy":"autoridad","embeddable":true,"href":"https:\/\/leonegra.com\/gl\/wp-json\/wp\/v2\/autoridad?post=35409"},{"taxonomy":"audio","embeddable":true,"href":"https:\/\/leonegra.com\/gl\/wp-json\/wp\/v2\/audio?post=35409"},{"taxonomy":"tiene-resena","embeddable":true,"href":"https:\/\/leonegra.com\/gl\/wp-json\/wp\/v2\/tiene-resena?post=35409"}],"curies":[{"name":"wp","href":"https:\/\/api.w.org\/{rel}","templated":true}]}}