{"id":35997,"date":"2019-10-01T12:06:52","date_gmt":"2019-10-01T10:06:52","guid":{"rendered":"https:\/\/leonegra.com\/?post_type=libro&#038;p=35997"},"modified":"2022-08-19T22:07:13","modified_gmt":"2022-08-19T20:07:13","slug":"a-cara-norte-do-corazon","status":"publish","type":"libro","link":"https:\/\/leonegra.com\/gl\/libro\/a-cara-norte-do-corazon\/","title":{"rendered":"A cara norte do coraz\u00f3n"},"content":{"rendered":"<h3>Sinopse de A cara norte do coraz\u00f3n<\/h3>\n<p>En A cara norte do coraz\u00f3n, en agosto de 2005, cando o furac\u00e1n Katrina est\u00e1 a piques de devastar a cidade de Nova Orle\u00e1ns, Amaia Salazar ten vinte e cinco anos e participa nun curso de intercambio para polic\u00edas da Europol na Academia do FBI, nos Estados Unidos.<\/p>\n<p>Inesperadamente, a subinspectora en pr\u00e1cticas pasa a formar parte do equipo de investigaci\u00f3n dirixido por Aloisius Dupree. O equipo persegue a un asasino en serie cuxa estratexia \u00e9 actuar sempre en escenarios asolados por grandes cat\u00e1strofes.<\/p>\n<p>Ser\u00e1 ent\u00f3n cando Amaia Salazar, que con doce anos estivera perdida nos bosques do Val do Bazt\u00e1n durante dezaseis horas, comprenda os motivos polos que o seu propio pasado a converte na elixida.<\/p>\n<p>A cara norte do coraz\u00f3n desvela inc\u00f3gnitas e descobre a x\u00e9nese do v\u00ednculo entre Amaia Salazar e Aloisius Dupree, o misterioso especialista en comportamento criminal, ao tempo que nos transporta \u00e1 infancia de Amaia en Elizondo. A escrita fascinante de <a href=\"https:\/\/leonegra.com\/gl\/autor\/dolores-redondo\/\">Dolores Redondo<\/a> volve conxelar o alento das lectoras e lectores nesta novela.<\/p>\n<p>Sinopse de A cara norte do coraz\u00f3n tomada de <a href=\"https:\/\/www.amazon.es\/cara-norte-coraz%C3%B3n-EDICI%C3%93N-LITERARIA\/dp\/8491216294\/ref=as_li_ss_tl?__mk_es_ES=%C3%85M%C3%85%C5%BD%C3%95%C3%91&amp;keywords=8491216294&amp;qid=1581116286&amp;sr=8-1&amp;linkCode=ll1&amp;tag=leonegra-21&amp;linkId=8aa0fd6c8ad99004b2bac3d43b4aac27&amp;language=es_ES\">Amazon<\/a><\/p>\n<h3>Recensi\u00f3n<\/h3>\n<p>Esta novela \u00e9 unha precuela da Trilox\u00eda do Bazt\u00e1n. A pesar diso, \u00e9 conveniente lela despois da trilox\u00eda pois lembra cousas do pasado de Amaia que xa se desvelaron nas outras tres novelas e restar\u00edan interese a estas.<\/p>\n<p>Nesta ocasi\u00f3n, Amaia est\u00e1 a facer un curso no FBI sobre perf\u00eds criminais destinado a polic\u00edas da Europol. Unha das pr\u00e1cticas \u00e9 estudar un caso real e que est\u00e1 a suceder nese momento. As\u00ed, Amaia vese implicada na procura dun asasino en serie que act\u00faa sempre cando se produce unha cat\u00e1strofe natural. Neste caso a cat\u00e1strofe \u00e9 o furac\u00e1n Katrina e o escenario Nova Orleans.<\/p>\n<p>A trama como tal, a procura dun asasino en serie, non \u00e9 demasiado orixinal. O que si \u00e9 orixinal \u00e9 a motivaci\u00f3n e o tipo de asasinato que leva a cabo. A historia \u00e9 entretida e est\u00e1 moi ben contada. Quizais sobra, se non toda case, a parte sobre o pasado de Amaia que, desde o meu punto de vista, resulta demasiado extensa e interrompe bastante o desenvolvemento da historia principal.<\/p>\n<p>A verdade \u00e9 que mentres l\u00eda, acord\u00e1bame constantemente da serie televisiva Mentes Criminais. Parec\u00edame como un cap\u00edtulo desa serie. E ollo! non estou a dicir nada negativo do libro, pois a min gust\u00e1bame moito Mentes criminais. Polo menos ata a tempada 9.<\/p>\n<p>En xeral, &#8220;A cara norte do coraz\u00f3n&#8221;, gustoume moito, a pesar de que se me fixo un pouco longa. Moi ben ambientada, bos personaxes (alg\u00fans moi typical FBI), e trama moi ben montada.<\/p>\n<p>Recomendable.<\/p>\n","protected":false},"featured_media":75113,"parent":0,"comment_status":"open","ping_status":"closed","template":"","meta":{"_uag_custom_page_level_css":"","site-sidebar-layout":"default","site-content-layout":"","ast-site-content-layout":"default","site-content-style":"default","site-sidebar-style":"default","ast-global-header-display":"","ast-banner-title-visibility":"","ast-main-header-display":"","ast-hfb-above-header-display":"","ast-hfb-below-header-display":"","ast-hfb-mobile-header-display":"","site-post-title":"","ast-breadcrumbs-content":"","ast-featured-img":"","footer-sml-layout":"","ast-disable-related-posts":"","theme-transparent-header-meta":"","adv-header-id-meta":"","stick-header-meta":"","header-above-stick-meta":"","header-main-stick-meta":"","header-below-stick-meta":"","astra-migrate-meta-layouts":"default","ast-page-background-enabled":"default","ast-page-background-meta":{"desktop":{"background-color":"","background-image":"","background-repeat":"repeat","background-position":"center center","background-size":"auto","background-attachment":"scroll","background-type":"","background-media":"","overlay-type":"","overlay-color":"","overlay-opacity":"","overlay-gradient":""},"tablet":{"background-color":"","background-image":"","background-repeat":"repeat","background-position":"center center","background-size":"auto","background-attachment":"scroll","background-type":"","background-media":"","overlay-type":"","overlay-color":"","overlay-opacity":"","overlay-gradient":""},"mobile":{"background-color":"","background-image":"","background-repeat":"repeat","background-position":"center center","background-size":"auto","background-attachment":"scroll","background-type":"","background-media":"","overlay-type":"","overlay-color":"","overlay-opacity":"","overlay-gradient":""}},"ast-content-background-meta":{"desktop":{"background-color":"var(--ast-global-color-5)","background-image":"","background-repeat":"repeat","background-position":"center center","background-size":"auto","background-attachment":"scroll","background-type":"","background-media":"","overlay-type":"","overlay-color":"","overlay-opacity":"","overlay-gradient":""},"tablet":{"background-color":"var(--ast-global-color-5)","background-image":"","background-repeat":"repeat","background-position":"center center","background-size":"auto","background-attachment":"scroll","background-type":"","background-media":"","overlay-type":"","overlay-color":"","overlay-opacity":"","overlay-gradient":""},"mobile":{"background-color":"var(--ast-global-color-5)","background-image":"","background-repeat":"repeat","background-position":"center center","background-size":"auto","background-attachment":"scroll","background-type":"","background-media":"","overlay-type":"","overlay-color":"","overlay-opacity":"","overlay-gradient":""}}},"categories":[24423,20568,20610],"editorial":[1302],"ano":[1728],"idioma":[24549],"formato":[499],"serie":[21476],"autoridad":[20590],"audio":[],"tiene-resena":[24662],"class_list":["post-35997","libro","type-libro","status-publish","has-post-thumbnail","hentry","category-libros-gl","category-leido-gl","category-recensions","editorial-edicions-xerais","ano-1728","idioma-galego","formato-impreso","serie-amaia-salazar-gl","autoridad-dolores-redondo-gl","tiene-resena-si-gl"],"yoast_head":"<!-- This site is optimized with the Yoast SEO plugin v27.5 - https:\/\/yoast.com\/product\/yoast-seo-wordpress\/ -->\n<title>A cara norte do coraz\u00f3n | A mi\u00f1a biblioteca negra<\/title>\n<meta name=\"description\" content=\"A cara norte do coraz\u00f3n | Cando o furac\u00e1n Katrina est\u00e1 a piques de devastar a cidade de Nova Orle\u00e1ns, Amaia Salazar participa nun curso de...\" \/>\n<meta name=\"robots\" content=\"index, follow, max-snippet:-1, max-image-preview:large, max-video-preview:-1\" \/>\n<link rel=\"canonical\" href=\"https:\/\/leonegra.com\/gl\/libro\/a-cara-norte-do-corazon\/\" \/>\n<meta property=\"og:locale\" content=\"gl_ES\" \/>\n<meta property=\"og:type\" content=\"article\" \/>\n<meta property=\"og:title\" content=\"A cara norte do coraz\u00f3n | A mi\u00f1a biblioteca negra\" \/>\n<meta property=\"og:description\" content=\"A cara norte do coraz\u00f3n | Cando o furac\u00e1n Katrina est\u00e1 a piques de devastar a cidade de Nova Orle\u00e1ns, Amaia Salazar participa nun curso de...\" \/>\n<meta property=\"og:url\" content=\"https:\/\/leonegra.com\/gl\/libro\/a-cara-norte-do-corazon\/\" \/>\n<meta property=\"og:site_name\" content=\"A mi\u00f1a biblioteca negra\" \/>\n<meta property=\"article:modified_time\" content=\"2022-08-19T20:07:13+00:00\" \/>\n<meta property=\"og:image\" content=\"https:\/\/leonegra.com\/wp-content\/uploads\/2019\/10\/1964-a-cara-norte-do-corazon.jpg\" \/>\n\t<meta property=\"og:image:width\" content=\"200\" \/>\n\t<meta property=\"og:image:height\" content=\"297\" \/>\n\t<meta property=\"og:image:type\" content=\"image\/jpeg\" \/>\n<meta name=\"twitter:card\" content=\"summary_large_image\" \/>\n<meta name=\"twitter:label1\" content=\"Tempo de lectura\" \/>\n\t<meta name=\"twitter:data1\" content=\"3 minutes\" \/>\n<script type=\"application\/ld+json\" class=\"yoast-schema-graph\">{\"@context\":\"https:\\\/\\\/schema.org\",\"@graph\":[{\"@type\":\"WebPage\",\"@id\":\"https:\\\/\\\/leonegra.com\\\/gl\\\/libro\\\/a-cara-norte-do-corazon\\\/\",\"url\":\"https:\\\/\\\/leonegra.com\\\/gl\\\/libro\\\/a-cara-norte-do-corazon\\\/\",\"name\":\"A cara norte do coraz\u00f3n | A mi\u00f1a biblioteca negra\",\"isPartOf\":{\"@id\":\"https:\\\/\\\/leonegra.com\\\/gl\\\/#website\"},\"primaryImageOfPage\":{\"@id\":\"https:\\\/\\\/leonegra.com\\\/gl\\\/libro\\\/a-cara-norte-do-corazon\\\/#primaryimage\"},\"image\":{\"@id\":\"https:\\\/\\\/leonegra.com\\\/gl\\\/libro\\\/a-cara-norte-do-corazon\\\/#primaryimage\"},\"thumbnailUrl\":\"https:\\\/\\\/leonegra.com\\\/wp-content\\\/uploads\\\/2019\\\/10\\\/1964-a-cara-norte-do-corazon.jpg\",\"datePublished\":\"2019-10-01T10:06:52+00:00\",\"dateModified\":\"2022-08-19T20:07:13+00:00\",\"description\":\"A cara norte do coraz\u00f3n | Cando o furac\u00e1n Katrina est\u00e1 a piques de devastar a cidade de Nova Orle\u00e1ns, Amaia Salazar participa nun curso de...\",\"breadcrumb\":{\"@id\":\"https:\\\/\\\/leonegra.com\\\/gl\\\/libro\\\/a-cara-norte-do-corazon\\\/#breadcrumb\"},\"inLanguage\":\"gl-ES\",\"potentialAction\":[{\"@type\":\"ReadAction\",\"target\":[\"https:\\\/\\\/leonegra.com\\\/gl\\\/libro\\\/a-cara-norte-do-corazon\\\/\"]}]},{\"@type\":\"ImageObject\",\"inLanguage\":\"gl-ES\",\"@id\":\"https:\\\/\\\/leonegra.com\\\/gl\\\/libro\\\/a-cara-norte-do-corazon\\\/#primaryimage\",\"url\":\"https:\\\/\\\/leonegra.com\\\/wp-content\\\/uploads\\\/2019\\\/10\\\/1964-a-cara-norte-do-corazon.jpg\",\"contentUrl\":\"https:\\\/\\\/leonegra.com\\\/wp-content\\\/uploads\\\/2019\\\/10\\\/1964-a-cara-norte-do-corazon.jpg\",\"width\":200,\"height\":297,\"caption\":\"A cara norte do coraz\u00f3n\"},{\"@type\":\"BreadcrumbList\",\"@id\":\"https:\\\/\\\/leonegra.com\\\/gl\\\/libro\\\/a-cara-norte-do-corazon\\\/#breadcrumb\",\"itemListElement\":[{\"@type\":\"ListItem\",\"position\":1,\"name\":\"Portada\",\"item\":\"https:\\\/\\\/leonegra.com\\\/gl\\\/\"},{\"@type\":\"ListItem\",\"position\":2,\"name\":\"Libros\",\"item\":\"https:\\\/\\\/leonegra.com\\\/gl\\\/libro\\\/\"},{\"@type\":\"ListItem\",\"position\":3,\"name\":\"A cara norte do coraz\u00f3n\"}]},{\"@type\":\"WebSite\",\"@id\":\"https:\\\/\\\/leonegra.com\\\/gl\\\/#website\",\"url\":\"https:\\\/\\\/leonegra.com\\\/gl\\\/\",\"name\":\"Mi biblioteca negra\",\"description\":\"\",\"publisher\":{\"@id\":\"https:\\\/\\\/leonegra.com\\\/gl\\\/#\\\/schema\\\/person\\\/167e6db386d83c82c56658a2e297b976\"},\"potentialAction\":[{\"@type\":\"SearchAction\",\"target\":{\"@type\":\"EntryPoint\",\"urlTemplate\":\"https:\\\/\\\/leonegra.com\\\/gl\\\/?s={search_term_string}\"},\"query-input\":{\"@type\":\"PropertyValueSpecification\",\"valueRequired\":true,\"valueName\":\"search_term_string\"}}],\"inLanguage\":\"gl-ES\"},{\"@type\":[\"Person\",\"Organization\"],\"@id\":\"https:\\\/\\\/leonegra.com\\\/gl\\\/#\\\/schema\\\/person\\\/167e6db386d83c82c56658a2e297b976\",\"name\":\"Marta\",\"image\":{\"@type\":\"ImageObject\",\"inLanguage\":\"gl-ES\",\"@id\":\"https:\\\/\\\/leonegra.com\\\/wp-content\\\/uploads\\\/2025\\\/09\\\/00-05-leo-copia.jpg\",\"url\":\"https:\\\/\\\/leonegra.com\\\/wp-content\\\/uploads\\\/2025\\\/09\\\/00-05-leo-copia.jpg\",\"contentUrl\":\"https:\\\/\\\/leonegra.com\\\/wp-content\\\/uploads\\\/2025\\\/09\\\/00-05-leo-copia.jpg\",\"width\":512,\"height\":384,\"caption\":\"Marta\"},\"logo\":{\"@id\":\"https:\\\/\\\/leonegra.com\\\/wp-content\\\/uploads\\\/2025\\\/09\\\/00-05-leo-copia.jpg\"}}]}<\/script>\n<!-- \/ Yoast SEO plugin. -->","yoast_head_json":{"title":"A cara norte do coraz\u00f3n | A mi\u00f1a biblioteca negra","description":"A cara norte do coraz\u00f3n | Cando o furac\u00e1n Katrina est\u00e1 a piques de devastar a cidade de Nova Orle\u00e1ns, Amaia Salazar participa nun curso de...","robots":{"index":"index","follow":"follow","max-snippet":"max-snippet:-1","max-image-preview":"max-image-preview:large","max-video-preview":"max-video-preview:-1"},"canonical":"https:\/\/leonegra.com\/gl\/libro\/a-cara-norte-do-corazon\/","og_locale":"gl_ES","og_type":"article","og_title":"A cara norte do coraz\u00f3n | A mi\u00f1a biblioteca negra","og_description":"A cara norte do coraz\u00f3n | Cando o furac\u00e1n Katrina est\u00e1 a piques de devastar a cidade de Nova Orle\u00e1ns, Amaia Salazar participa nun curso de...","og_url":"https:\/\/leonegra.com\/gl\/libro\/a-cara-norte-do-corazon\/","og_site_name":"A mi\u00f1a biblioteca negra","article_modified_time":"2022-08-19T20:07:13+00:00","og_image":[{"width":200,"height":297,"url":"https:\/\/leonegra.com\/wp-content\/uploads\/2019\/10\/1964-a-cara-norte-do-corazon.jpg","type":"image\/jpeg"}],"twitter_card":"summary_large_image","twitter_misc":{"Tempo de lectura":"3 minutes"},"schema":{"@context":"https:\/\/schema.org","@graph":[{"@type":"WebPage","@id":"https:\/\/leonegra.com\/gl\/libro\/a-cara-norte-do-corazon\/","url":"https:\/\/leonegra.com\/gl\/libro\/a-cara-norte-do-corazon\/","name":"A cara norte do coraz\u00f3n | A mi\u00f1a biblioteca negra","isPartOf":{"@id":"https:\/\/leonegra.com\/gl\/#website"},"primaryImageOfPage":{"@id":"https:\/\/leonegra.com\/gl\/libro\/a-cara-norte-do-corazon\/#primaryimage"},"image":{"@id":"https:\/\/leonegra.com\/gl\/libro\/a-cara-norte-do-corazon\/#primaryimage"},"thumbnailUrl":"https:\/\/leonegra.com\/wp-content\/uploads\/2019\/10\/1964-a-cara-norte-do-corazon.jpg","datePublished":"2019-10-01T10:06:52+00:00","dateModified":"2022-08-19T20:07:13+00:00","description":"A cara norte do coraz\u00f3n | Cando o furac\u00e1n Katrina est\u00e1 a piques de devastar a cidade de Nova Orle\u00e1ns, Amaia Salazar participa nun curso de...","breadcrumb":{"@id":"https:\/\/leonegra.com\/gl\/libro\/a-cara-norte-do-corazon\/#breadcrumb"},"inLanguage":"gl-ES","potentialAction":[{"@type":"ReadAction","target":["https:\/\/leonegra.com\/gl\/libro\/a-cara-norte-do-corazon\/"]}]},{"@type":"ImageObject","inLanguage":"gl-ES","@id":"https:\/\/leonegra.com\/gl\/libro\/a-cara-norte-do-corazon\/#primaryimage","url":"https:\/\/leonegra.com\/wp-content\/uploads\/2019\/10\/1964-a-cara-norte-do-corazon.jpg","contentUrl":"https:\/\/leonegra.com\/wp-content\/uploads\/2019\/10\/1964-a-cara-norte-do-corazon.jpg","width":200,"height":297,"caption":"A cara norte do coraz\u00f3n"},{"@type":"BreadcrumbList","@id":"https:\/\/leonegra.com\/gl\/libro\/a-cara-norte-do-corazon\/#breadcrumb","itemListElement":[{"@type":"ListItem","position":1,"name":"Portada","item":"https:\/\/leonegra.com\/gl\/"},{"@type":"ListItem","position":2,"name":"Libros","item":"https:\/\/leonegra.com\/gl\/libro\/"},{"@type":"ListItem","position":3,"name":"A cara norte do coraz\u00f3n"}]},{"@type":"WebSite","@id":"https:\/\/leonegra.com\/gl\/#website","url":"https:\/\/leonegra.com\/gl\/","name":"Mi biblioteca negra","description":"","publisher":{"@id":"https:\/\/leonegra.com\/gl\/#\/schema\/person\/167e6db386d83c82c56658a2e297b976"},"potentialAction":[{"@type":"SearchAction","target":{"@type":"EntryPoint","urlTemplate":"https:\/\/leonegra.com\/gl\/?s={search_term_string}"},"query-input":{"@type":"PropertyValueSpecification","valueRequired":true,"valueName":"search_term_string"}}],"inLanguage":"gl-ES"},{"@type":["Person","Organization"],"@id":"https:\/\/leonegra.com\/gl\/#\/schema\/person\/167e6db386d83c82c56658a2e297b976","name":"Marta","image":{"@type":"ImageObject","inLanguage":"gl-ES","@id":"https:\/\/leonegra.com\/wp-content\/uploads\/2025\/09\/00-05-leo-copia.jpg","url":"https:\/\/leonegra.com\/wp-content\/uploads\/2025\/09\/00-05-leo-copia.jpg","contentUrl":"https:\/\/leonegra.com\/wp-content\/uploads\/2025\/09\/00-05-leo-copia.jpg","width":512,"height":384,"caption":"Marta"},"logo":{"@id":"https:\/\/leonegra.com\/wp-content\/uploads\/2025\/09\/00-05-leo-copia.jpg"}}]}},"uagb_featured_image_src":{"full":["https:\/\/leonegra.com\/wp-content\/uploads\/2019\/10\/1964-a-cara-norte-do-corazon.jpg",200,297,false],"thumbnail":["https:\/\/leonegra.com\/wp-content\/uploads\/2019\/10\/1964-a-cara-norte-do-corazon.jpg",65,96,false],"medium":["https:\/\/leonegra.com\/wp-content\/uploads\/2019\/10\/1964-a-cara-norte-do-corazon.jpg",200,297,false],"medium_large":["https:\/\/leonegra.com\/wp-content\/uploads\/2019\/10\/1964-a-cara-norte-do-corazon.jpg",200,297,false],"large":["https:\/\/leonegra.com\/wp-content\/uploads\/2019\/10\/1964-a-cara-norte-do-corazon.jpg",200,297,false],"1536x1536":["https:\/\/leonegra.com\/wp-content\/uploads\/2019\/10\/1964-a-cara-norte-do-corazon.jpg",200,297,false],"2048x2048":["https:\/\/leonegra.com\/wp-content\/uploads\/2019\/10\/1964-a-cara-norte-do-corazon.jpg",200,297,false]},"uagb_author_info":{"display_name":"Marta","author_link":"https:\/\/leonegra.com\/gl\/author\/"},"uagb_comment_info":0,"uagb_excerpt":"Sinopse de A cara norte do coraz\u00f3n En A cara norte do coraz\u00f3n, en agosto de 2005, cando o furac\u00e1n Katrina est\u00e1 a piques de devastar a cidade de Nova Orle\u00e1ns, Amaia Salazar ten vinte e cinco anos e participa nun curso de intercambio para polic\u00edas da Europol na Academia do FBI, nos Estados Unidos.&hellip;","_links":{"self":[{"href":"https:\/\/leonegra.com\/gl\/wp-json\/wp\/v2\/libro\/35997","targetHints":{"allow":["GET"]}}],"collection":[{"href":"https:\/\/leonegra.com\/gl\/wp-json\/wp\/v2\/libro"}],"about":[{"href":"https:\/\/leonegra.com\/gl\/wp-json\/wp\/v2\/types\/libro"}],"replies":[{"embeddable":true,"href":"https:\/\/leonegra.com\/gl\/wp-json\/wp\/v2\/comments?post=35997"}],"wp:featuredmedia":[{"embeddable":true,"href":"https:\/\/leonegra.com\/gl\/wp-json\/wp\/v2\/media\/75113"}],"wp:attachment":[{"href":"https:\/\/leonegra.com\/gl\/wp-json\/wp\/v2\/media?parent=35997"}],"wp:term":[{"taxonomy":"category","embeddable":true,"href":"https:\/\/leonegra.com\/gl\/wp-json\/wp\/v2\/categories?post=35997"},{"taxonomy":"editorial","embeddable":true,"href":"https:\/\/leonegra.com\/gl\/wp-json\/wp\/v2\/editorial?post=35997"},{"taxonomy":"ano","embeddable":true,"href":"https:\/\/leonegra.com\/gl\/wp-json\/wp\/v2\/ano?post=35997"},{"taxonomy":"idioma","embeddable":true,"href":"https:\/\/leonegra.com\/gl\/wp-json\/wp\/v2\/idioma?post=35997"},{"taxonomy":"formato","embeddable":true,"href":"https:\/\/leonegra.com\/gl\/wp-json\/wp\/v2\/formato?post=35997"},{"taxonomy":"serie","embeddable":true,"href":"https:\/\/leonegra.com\/gl\/wp-json\/wp\/v2\/serie?post=35997"},{"taxonomy":"autoridad","embeddable":true,"href":"https:\/\/leonegra.com\/gl\/wp-json\/wp\/v2\/autoridad?post=35997"},{"taxonomy":"audio","embeddable":true,"href":"https:\/\/leonegra.com\/gl\/wp-json\/wp\/v2\/audio?post=35997"},{"taxonomy":"tiene-resena","embeddable":true,"href":"https:\/\/leonegra.com\/gl\/wp-json\/wp\/v2\/tiene-resena?post=35997"}],"curies":[{"name":"wp","href":"https:\/\/api.w.org\/{rel}","templated":true}]}}