{"id":71448,"date":"2023-01-25T19:19:33","date_gmt":"2023-01-25T17:19:33","guid":{"rendered":"https:\/\/leonegra.com\/?post_type=libro&#038;p=71448"},"modified":"2025-05-22T18:14:05","modified_gmt":"2025-05-22T16:14:05","slug":"o-home-que-matou-a-antia-morgade","status":"publish","type":"libro","link":"https:\/\/leonegra.com\/gl\/libro\/o-home-que-matou-a-antia-morgade\/","title":{"rendered":"O home que matou a Ant\u00eda Morgade"},"content":{"rendered":"\n<h3 class=\"wp-block-heading\">Sinopse de O home que matou a Ant\u00eda Morgade<\/h3>\n\n\n\n<p><strong><\/strong><br>En O home que matou a Ant\u00eda Morgade, seis amigos reenc\u00f3ntranse despois de vinte anos nunha cea o 24 de xullo de 2021, en Santiago de Compostela. Baixo o estrondo dos brindes e dos fogos artificiais, un disparo remata coa vida dun deles.<\/p>\n\n\n\n<p>O inspector <a href=\"https:\/\/leonegra.com\/serie\/abad-e-barroso\/\">Santiago Abad<\/a> e a subinspectora <a href=\"https:\/\/leonegra.com\/serie\/abad-e-barroso\/\">Ana Barroso<\/a> ter\u00e1n que enfrontarse a este crime nunha nova e apaixonante investigaci\u00f3n, e to-do apunta a que \u00e9, no pasado com\u00fan deses comensais, onde se atopa a chave da s\u00faa resoluci\u00f3n. Un tempo adolescente en que eses seis amigos compart\u00edan un piso de menores tutelado e onde aconteceu unha traxedia que marcou a todos para sempre: a morte da s\u00faa compa\u00f1eira Ant\u00eda Morgade.<\/p>\n\n\n\n<p>Nunha carreira contra o reloxo, Abad e Barroso deber\u00e1n dar o mellor deles para evitar un novo asasinato entre un mar de mentiras, segredos e desconfianzas.<\/p>\n\n\n\n<p>Sinopse do libro, por <a href=\"https:\/\/leonegra.com\/gl\/autor\/arantza-portabales\/\">Arantza Portabales<\/a>, tomada de <a href=\"https:\/\/www.amazon.es\/dp\/9788491519676\/ref=as_li_ss_tl?&amp;tag=leonegra-21\" target=\"_blank\" rel=\"noreferrer noopener\">Amazon<\/a><\/p>\n\n\n\n<h3 class=\"wp-block-heading\">Recensi\u00f3n de O home que matou a Ant\u00eda Morgade<\/h3>\n\n\n\n<p>A\u00ednda que \u00e9 estupendo non \u00e9 o que m\u00e1is me gusta de Arantza Portabales. Par\u00e9ceme un pouco m\u00e1is unha mestura de personaxes, de investigaci\u00f3n, demasiada vida persoal de Abad e Barroso.<\/p>\n\n\n\n<p>De feito, adivi\u00f1ei quen era o asasino case desde o momento en que aparece. Equivoqueime sobre os motivos, pero ao final era quen eu pensei e o verdadeiro motivo vai collendo forma. Hai momentos ao longo da trama que fan dubidar, pero ao final, polo menos no meu caso, quedoume cada vez m\u00e1is claro.<\/p>\n\n\n\n<p>A ambientaci\u00f3n, coma sempre, xenial. Ademais, son veci\u00f1a da Horta do Obradoiro e amiga dos donos e te\u00f1o pasado algunhas noites dos fogos do Ap\u00f3stolo no xard\u00edn da Horta. Perfecto. Tam\u00e9n son compa\u00f1eira de Lorena (a persoa na que se inspira o personaxe). E o meu apelido \u00e9 o mesmo que Abad. Que m\u00e1is se pode pedir?<\/p>\n\n\n\n<p>Nada m\u00e1is. Recomendado e \u00e1 espera do seguinte, coma sempre.<\/p>\n\n\n\n<div class=\"wp-block-toolset-ct\"><p><h3>Os sitios do libro<\/h3><\/p>\n<\/div>\n\n\n\n<iframe src=\"https:\/\/www.google.es\/maps\/d\/embed?mid=1IQd0Etrqsarzbt93STW-WiIuqEU6_vk&amp;ehbc=2E312F\" width=\"640\" height=\"480\"><\/iframe>\n","protected":false},"featured_media":75122,"parent":0,"comment_status":"open","ping_status":"closed","template":"","meta":{"_uag_custom_page_level_css":"","site-sidebar-layout":"default","site-content-layout":"default","ast-site-content-layout":"default","site-content-style":"default","site-sidebar-style":"default","ast-global-header-display":"","ast-banner-title-visibility":"","ast-main-header-display":"","ast-hfb-above-header-display":"","ast-hfb-below-header-display":"","ast-hfb-mobile-header-display":"","site-post-title":"","ast-breadcrumbs-content":"","ast-featured-img":"","footer-sml-layout":"","ast-disable-related-posts":"","theme-transparent-header-meta":"default","adv-header-id-meta":"","stick-header-meta":"default","header-above-stick-meta":"","header-main-stick-meta":"","header-below-stick-meta":"","astra-migrate-meta-layouts":"set","ast-page-background-enabled":"default","ast-page-background-meta":{"desktop":{"background-color":"","background-image":"","background-repeat":"repeat","background-position":"center center","background-size":"auto","background-attachment":"scroll","background-type":"","background-media":"","overlay-type":"","overlay-color":"","overlay-opacity":"","overlay-gradient":""},"tablet":{"background-color":"","background-image":"","background-repeat":"repeat","background-position":"center center","background-size":"auto","background-attachment":"scroll","background-type":"","background-media":"","overlay-type":"","overlay-color":"","overlay-opacity":"","overlay-gradient":""},"mobile":{"background-color":"","background-image":"","background-repeat":"repeat","background-position":"center center","background-size":"auto","background-attachment":"scroll","background-type":"","background-media":"","overlay-type":"","overlay-color":"","overlay-opacity":"","overlay-gradient":""}},"ast-content-background-meta":{"desktop":{"background-color":"var(--ast-global-color-5)","background-image":"","background-repeat":"repeat","background-position":"center center","background-size":"auto","background-attachment":"scroll","background-type":"","background-media":"","overlay-type":"","overlay-color":"","overlay-opacity":"","overlay-gradient":""},"tablet":{"background-color":"var(--ast-global-color-5)","background-image":"","background-repeat":"repeat","background-position":"center center","background-size":"auto","background-attachment":"scroll","background-type":"","background-media":"","overlay-type":"","overlay-color":"","overlay-opacity":"","overlay-gradient":""},"mobile":{"background-color":"var(--ast-global-color-5)","background-image":"","background-repeat":"repeat","background-position":"center center","background-size":"auto","background-attachment":"scroll","background-type":"","background-media":"","overlay-type":"","overlay-color":"","overlay-opacity":"","overlay-gradient":""}}},"categories":[20603,24423,20568,20610],"editorial":[344],"ano":[24934],"idioma":[24549],"formato":[499],"serie":[24648],"autoridad":[24677],"audio":[],"tiene-resena":[24662],"class_list":["post-71448","libro","type-libro","status-publish","has-post-thumbnail","hentry","category-destacado-gl","category-libros-gl","category-leido-gl","category-recensions","editorial-galaxia","ano-24934","idioma-galego","formato-impreso","serie-abad-e-barroso","autoridad-arantza-portabales","tiene-resena-si-gl"],"yoast_head":"<!-- This site is optimized with the Yoast SEO plugin v27.5 - https:\/\/yoast.com\/product\/yoast-seo-wordpress\/ -->\n<title>O home que matou a Ant\u00eda Morgade | A mi\u00f1a biblioteca negra<\/title>\n<meta name=\"description\" content=\"O home que matou a Ant\u00eda Morgade | Seis amigos reenc\u00f3ntranse despois de vinte anos nunha cea o 24 de xullo de 2021, en Santiago de...\" \/>\n<meta name=\"robots\" content=\"index, follow, max-snippet:-1, max-image-preview:large, max-video-preview:-1\" \/>\n<link rel=\"canonical\" href=\"https:\/\/leonegra.com\/gl\/libro\/o-home-que-matou-a-antia-morgade\/\" \/>\n<meta property=\"og:locale\" content=\"gl_ES\" \/>\n<meta property=\"og:type\" content=\"article\" \/>\n<meta property=\"og:title\" content=\"O home que matou a Ant\u00eda Morgade | A mi\u00f1a biblioteca negra\" \/>\n<meta property=\"og:description\" content=\"O home que matou a Ant\u00eda Morgade | Seis amigos reenc\u00f3ntranse despois de vinte anos nunha cea o 24 de xullo de 2021, en Santiago de...\" \/>\n<meta property=\"og:url\" content=\"https:\/\/leonegra.com\/gl\/libro\/o-home-que-matou-a-antia-morgade\/\" \/>\n<meta property=\"og:site_name\" content=\"A mi\u00f1a biblioteca negra\" \/>\n<meta property=\"article:modified_time\" content=\"2025-05-22T16:14:05+00:00\" \/>\n<meta property=\"og:image\" content=\"https:\/\/leonegra.com\/wp-content\/uploads\/2023\/01\/2381-o-home-que-matou-a-antia-morgade.jpg\" \/>\n\t<meta property=\"og:image:width\" content=\"200\" \/>\n\t<meta property=\"og:image:height\" content=\"306\" \/>\n\t<meta property=\"og:image:type\" content=\"image\/jpeg\" \/>\n<meta name=\"twitter:card\" content=\"summary_large_image\" \/>\n<meta name=\"twitter:label1\" content=\"Tempo de lectura\" \/>\n\t<meta name=\"twitter:data1\" content=\"2 minutes\" \/>\n<script type=\"application\/ld+json\" class=\"yoast-schema-graph\">{\"@context\":\"https:\\\/\\\/schema.org\",\"@graph\":[{\"@type\":\"WebPage\",\"@id\":\"https:\\\/\\\/leonegra.com\\\/gl\\\/libro\\\/o-home-que-matou-a-antia-morgade\\\/\",\"url\":\"https:\\\/\\\/leonegra.com\\\/gl\\\/libro\\\/o-home-que-matou-a-antia-morgade\\\/\",\"name\":\"O home que matou a Ant\u00eda Morgade | A mi\u00f1a biblioteca negra\",\"isPartOf\":{\"@id\":\"https:\\\/\\\/leonegra.com\\\/gl\\\/#website\"},\"primaryImageOfPage\":{\"@id\":\"https:\\\/\\\/leonegra.com\\\/gl\\\/libro\\\/o-home-que-matou-a-antia-morgade\\\/#primaryimage\"},\"image\":{\"@id\":\"https:\\\/\\\/leonegra.com\\\/gl\\\/libro\\\/o-home-que-matou-a-antia-morgade\\\/#primaryimage\"},\"thumbnailUrl\":\"https:\\\/\\\/leonegra.com\\\/wp-content\\\/uploads\\\/2023\\\/01\\\/2381-o-home-que-matou-a-antia-morgade.jpg\",\"datePublished\":\"2023-01-25T17:19:33+00:00\",\"dateModified\":\"2025-05-22T16:14:05+00:00\",\"description\":\"O home que matou a Ant\u00eda Morgade | Seis amigos reenc\u00f3ntranse despois de vinte anos nunha cea o 24 de xullo de 2021, en Santiago de...\",\"breadcrumb\":{\"@id\":\"https:\\\/\\\/leonegra.com\\\/gl\\\/libro\\\/o-home-que-matou-a-antia-morgade\\\/#breadcrumb\"},\"inLanguage\":\"gl-ES\",\"potentialAction\":[{\"@type\":\"ReadAction\",\"target\":[\"https:\\\/\\\/leonegra.com\\\/gl\\\/libro\\\/o-home-que-matou-a-antia-morgade\\\/\"]}]},{\"@type\":\"ImageObject\",\"inLanguage\":\"gl-ES\",\"@id\":\"https:\\\/\\\/leonegra.com\\\/gl\\\/libro\\\/o-home-que-matou-a-antia-morgade\\\/#primaryimage\",\"url\":\"https:\\\/\\\/leonegra.com\\\/wp-content\\\/uploads\\\/2023\\\/01\\\/2381-o-home-que-matou-a-antia-morgade.jpg\",\"contentUrl\":\"https:\\\/\\\/leonegra.com\\\/wp-content\\\/uploads\\\/2023\\\/01\\\/2381-o-home-que-matou-a-antia-morgade.jpg\",\"width\":200,\"height\":306,\"caption\":\"O home que matou a Ant\u00eda Morgade\"},{\"@type\":\"BreadcrumbList\",\"@id\":\"https:\\\/\\\/leonegra.com\\\/gl\\\/libro\\\/o-home-que-matou-a-antia-morgade\\\/#breadcrumb\",\"itemListElement\":[{\"@type\":\"ListItem\",\"position\":1,\"name\":\"Portada\",\"item\":\"https:\\\/\\\/leonegra.com\\\/gl\\\/\"},{\"@type\":\"ListItem\",\"position\":2,\"name\":\"Libros\",\"item\":\"https:\\\/\\\/leonegra.com\\\/gl\\\/libro\\\/\"},{\"@type\":\"ListItem\",\"position\":3,\"name\":\"O home que matou a Ant\u00eda Morgade\"}]},{\"@type\":\"WebSite\",\"@id\":\"https:\\\/\\\/leonegra.com\\\/gl\\\/#website\",\"url\":\"https:\\\/\\\/leonegra.com\\\/gl\\\/\",\"name\":\"Mi biblioteca negra\",\"description\":\"\",\"publisher\":{\"@id\":\"https:\\\/\\\/leonegra.com\\\/gl\\\/#\\\/schema\\\/person\\\/167e6db386d83c82c56658a2e297b976\"},\"potentialAction\":[{\"@type\":\"SearchAction\",\"target\":{\"@type\":\"EntryPoint\",\"urlTemplate\":\"https:\\\/\\\/leonegra.com\\\/gl\\\/?s={search_term_string}\"},\"query-input\":{\"@type\":\"PropertyValueSpecification\",\"valueRequired\":true,\"valueName\":\"search_term_string\"}}],\"inLanguage\":\"gl-ES\"},{\"@type\":[\"Person\",\"Organization\"],\"@id\":\"https:\\\/\\\/leonegra.com\\\/gl\\\/#\\\/schema\\\/person\\\/167e6db386d83c82c56658a2e297b976\",\"name\":\"Marta\",\"image\":{\"@type\":\"ImageObject\",\"inLanguage\":\"gl-ES\",\"@id\":\"https:\\\/\\\/leonegra.com\\\/wp-content\\\/uploads\\\/2025\\\/09\\\/00-05-leo-copia.jpg\",\"url\":\"https:\\\/\\\/leonegra.com\\\/wp-content\\\/uploads\\\/2025\\\/09\\\/00-05-leo-copia.jpg\",\"contentUrl\":\"https:\\\/\\\/leonegra.com\\\/wp-content\\\/uploads\\\/2025\\\/09\\\/00-05-leo-copia.jpg\",\"width\":512,\"height\":384,\"caption\":\"Marta\"},\"logo\":{\"@id\":\"https:\\\/\\\/leonegra.com\\\/wp-content\\\/uploads\\\/2025\\\/09\\\/00-05-leo-copia.jpg\"}}]}<\/script>\n<!-- \/ Yoast SEO plugin. -->","yoast_head_json":{"title":"O home que matou a Ant\u00eda Morgade | A mi\u00f1a biblioteca negra","description":"O home que matou a Ant\u00eda Morgade | Seis amigos reenc\u00f3ntranse despois de vinte anos nunha cea o 24 de xullo de 2021, en Santiago de...","robots":{"index":"index","follow":"follow","max-snippet":"max-snippet:-1","max-image-preview":"max-image-preview:large","max-video-preview":"max-video-preview:-1"},"canonical":"https:\/\/leonegra.com\/gl\/libro\/o-home-que-matou-a-antia-morgade\/","og_locale":"gl_ES","og_type":"article","og_title":"O home que matou a Ant\u00eda Morgade | A mi\u00f1a biblioteca negra","og_description":"O home que matou a Ant\u00eda Morgade | Seis amigos reenc\u00f3ntranse despois de vinte anos nunha cea o 24 de xullo de 2021, en Santiago de...","og_url":"https:\/\/leonegra.com\/gl\/libro\/o-home-que-matou-a-antia-morgade\/","og_site_name":"A mi\u00f1a biblioteca negra","article_modified_time":"2025-05-22T16:14:05+00:00","og_image":[{"width":200,"height":306,"url":"https:\/\/leonegra.com\/wp-content\/uploads\/2023\/01\/2381-o-home-que-matou-a-antia-morgade.jpg","type":"image\/jpeg"}],"twitter_card":"summary_large_image","twitter_misc":{"Tempo de lectura":"2 minutes"},"schema":{"@context":"https:\/\/schema.org","@graph":[{"@type":"WebPage","@id":"https:\/\/leonegra.com\/gl\/libro\/o-home-que-matou-a-antia-morgade\/","url":"https:\/\/leonegra.com\/gl\/libro\/o-home-que-matou-a-antia-morgade\/","name":"O home que matou a Ant\u00eda Morgade | A mi\u00f1a biblioteca negra","isPartOf":{"@id":"https:\/\/leonegra.com\/gl\/#website"},"primaryImageOfPage":{"@id":"https:\/\/leonegra.com\/gl\/libro\/o-home-que-matou-a-antia-morgade\/#primaryimage"},"image":{"@id":"https:\/\/leonegra.com\/gl\/libro\/o-home-que-matou-a-antia-morgade\/#primaryimage"},"thumbnailUrl":"https:\/\/leonegra.com\/wp-content\/uploads\/2023\/01\/2381-o-home-que-matou-a-antia-morgade.jpg","datePublished":"2023-01-25T17:19:33+00:00","dateModified":"2025-05-22T16:14:05+00:00","description":"O home que matou a Ant\u00eda Morgade | Seis amigos reenc\u00f3ntranse despois de vinte anos nunha cea o 24 de xullo de 2021, en Santiago de...","breadcrumb":{"@id":"https:\/\/leonegra.com\/gl\/libro\/o-home-que-matou-a-antia-morgade\/#breadcrumb"},"inLanguage":"gl-ES","potentialAction":[{"@type":"ReadAction","target":["https:\/\/leonegra.com\/gl\/libro\/o-home-que-matou-a-antia-morgade\/"]}]},{"@type":"ImageObject","inLanguage":"gl-ES","@id":"https:\/\/leonegra.com\/gl\/libro\/o-home-que-matou-a-antia-morgade\/#primaryimage","url":"https:\/\/leonegra.com\/wp-content\/uploads\/2023\/01\/2381-o-home-que-matou-a-antia-morgade.jpg","contentUrl":"https:\/\/leonegra.com\/wp-content\/uploads\/2023\/01\/2381-o-home-que-matou-a-antia-morgade.jpg","width":200,"height":306,"caption":"O home que matou a Ant\u00eda Morgade"},{"@type":"BreadcrumbList","@id":"https:\/\/leonegra.com\/gl\/libro\/o-home-que-matou-a-antia-morgade\/#breadcrumb","itemListElement":[{"@type":"ListItem","position":1,"name":"Portada","item":"https:\/\/leonegra.com\/gl\/"},{"@type":"ListItem","position":2,"name":"Libros","item":"https:\/\/leonegra.com\/gl\/libro\/"},{"@type":"ListItem","position":3,"name":"O home que matou a Ant\u00eda Morgade"}]},{"@type":"WebSite","@id":"https:\/\/leonegra.com\/gl\/#website","url":"https:\/\/leonegra.com\/gl\/","name":"Mi biblioteca negra","description":"","publisher":{"@id":"https:\/\/leonegra.com\/gl\/#\/schema\/person\/167e6db386d83c82c56658a2e297b976"},"potentialAction":[{"@type":"SearchAction","target":{"@type":"EntryPoint","urlTemplate":"https:\/\/leonegra.com\/gl\/?s={search_term_string}"},"query-input":{"@type":"PropertyValueSpecification","valueRequired":true,"valueName":"search_term_string"}}],"inLanguage":"gl-ES"},{"@type":["Person","Organization"],"@id":"https:\/\/leonegra.com\/gl\/#\/schema\/person\/167e6db386d83c82c56658a2e297b976","name":"Marta","image":{"@type":"ImageObject","inLanguage":"gl-ES","@id":"https:\/\/leonegra.com\/wp-content\/uploads\/2025\/09\/00-05-leo-copia.jpg","url":"https:\/\/leonegra.com\/wp-content\/uploads\/2025\/09\/00-05-leo-copia.jpg","contentUrl":"https:\/\/leonegra.com\/wp-content\/uploads\/2025\/09\/00-05-leo-copia.jpg","width":512,"height":384,"caption":"Marta"},"logo":{"@id":"https:\/\/leonegra.com\/wp-content\/uploads\/2025\/09\/00-05-leo-copia.jpg"}}]}},"uagb_featured_image_src":{"full":["https:\/\/leonegra.com\/wp-content\/uploads\/2023\/01\/2381-o-home-que-matou-a-antia-morgade.jpg",200,306,false],"thumbnail":["https:\/\/leonegra.com\/wp-content\/uploads\/2023\/01\/2381-o-home-que-matou-a-antia-morgade.jpg",63,96,false],"medium":["https:\/\/leonegra.com\/wp-content\/uploads\/2023\/01\/2381-o-home-que-matou-a-antia-morgade.jpg",200,306,false],"medium_large":["https:\/\/leonegra.com\/wp-content\/uploads\/2023\/01\/2381-o-home-que-matou-a-antia-morgade.jpg",200,306,false],"large":["https:\/\/leonegra.com\/wp-content\/uploads\/2023\/01\/2381-o-home-que-matou-a-antia-morgade.jpg",200,306,false],"1536x1536":["https:\/\/leonegra.com\/wp-content\/uploads\/2023\/01\/2381-o-home-que-matou-a-antia-morgade.jpg",200,306,false],"2048x2048":["https:\/\/leonegra.com\/wp-content\/uploads\/2023\/01\/2381-o-home-que-matou-a-antia-morgade.jpg",200,306,false]},"uagb_author_info":{"display_name":"Marta","author_link":"https:\/\/leonegra.com\/gl\/author\/"},"uagb_comment_info":0,"uagb_excerpt":"Sinopse de O home que matou a Ant\u00eda Morgade En O home que matou a Ant\u00eda Morgade, seis amigos reenc\u00f3ntranse despois de vinte anos nunha cea o 24 de xullo de 2021, en Santiago de Compostela. Baixo o estrondo dos brindes e dos fogos artificiais, un disparo remata coa vida dun deles. O inspector Santiago&hellip;","_links":{"self":[{"href":"https:\/\/leonegra.com\/gl\/wp-json\/wp\/v2\/libro\/71448","targetHints":{"allow":["GET"]}}],"collection":[{"href":"https:\/\/leonegra.com\/gl\/wp-json\/wp\/v2\/libro"}],"about":[{"href":"https:\/\/leonegra.com\/gl\/wp-json\/wp\/v2\/types\/libro"}],"replies":[{"embeddable":true,"href":"https:\/\/leonegra.com\/gl\/wp-json\/wp\/v2\/comments?post=71448"}],"wp:featuredmedia":[{"embeddable":true,"href":"https:\/\/leonegra.com\/gl\/wp-json\/wp\/v2\/media\/75122"}],"wp:attachment":[{"href":"https:\/\/leonegra.com\/gl\/wp-json\/wp\/v2\/media?parent=71448"}],"wp:term":[{"taxonomy":"category","embeddable":true,"href":"https:\/\/leonegra.com\/gl\/wp-json\/wp\/v2\/categories?post=71448"},{"taxonomy":"editorial","embeddable":true,"href":"https:\/\/leonegra.com\/gl\/wp-json\/wp\/v2\/editorial?post=71448"},{"taxonomy":"ano","embeddable":true,"href":"https:\/\/leonegra.com\/gl\/wp-json\/wp\/v2\/ano?post=71448"},{"taxonomy":"idioma","embeddable":true,"href":"https:\/\/leonegra.com\/gl\/wp-json\/wp\/v2\/idioma?post=71448"},{"taxonomy":"formato","embeddable":true,"href":"https:\/\/leonegra.com\/gl\/wp-json\/wp\/v2\/formato?post=71448"},{"taxonomy":"serie","embeddable":true,"href":"https:\/\/leonegra.com\/gl\/wp-json\/wp\/v2\/serie?post=71448"},{"taxonomy":"autoridad","embeddable":true,"href":"https:\/\/leonegra.com\/gl\/wp-json\/wp\/v2\/autoridad?post=71448"},{"taxonomy":"audio","embeddable":true,"href":"https:\/\/leonegra.com\/gl\/wp-json\/wp\/v2\/audio?post=71448"},{"taxonomy":"tiene-resena","embeddable":true,"href":"https:\/\/leonegra.com\/gl\/wp-json\/wp\/v2\/tiene-resena?post=71448"}],"curies":[{"name":"wp","href":"https:\/\/api.w.org\/{rel}","templated":true}]}}