{"id":92,"date":"2010-01-16T23:00:52","date_gmt":"2010-01-16T21:00:52","guid":{"rendered":""},"modified":"2025-09-23T23:12:12","modified_gmt":"2025-09-23T21:12:12","slug":"a-praia-dos-afogados","status":"publish","type":"libro","link":"https:\/\/leonegra.com\/gl\/libro\/a-praia-dos-afogados\/","title":{"rendered":"A praia dos afogados"},"content":{"rendered":"\n<h3 class=\"wp-block-heading\">Sinopse de A praia dos afogados<\/h3>\n\n\n\n<p>En A praia dos afogados, unha ma\u00f1\u00e1, o cad\u00e1ver dun mari\u00f1eiro \u00e9 arrastrado pola marea ata unha praia da vila de Panx\u00f3n, na r\u00eda de Vigo. Se non fose porque ten as mans atadas cunha brida de pl\u00e1stico, Xusto Castelo hab\u00eda ser outro mari\u00f1eiro que encontrou a s\u00faa tumba entre as ondas mentres pescaba.<\/p>\n\n\n\n<p>Sen testemu\u00f1as nin rastro da embarcaci\u00f3n do finado, o lac\u00f3nico inspector <a href=\"https:\/\/leonegra.com\/gl\/serie\/leo-caldas-gl\/\">Leo Caldas<\/a> merg\u00fallase no ambiente mari\u00f1eiro para tratar de clarexar o crime. Entre homes e mulleres que recean de desvelar as s\u00faas sospeitas e que, cando deciden falar, apuntan nunha direcci\u00f3n ins\u00f3lita de m\u00e1is.<\/p>\n\n\n\n<p>Un caso dif\u00edcil para Caldas, que pasa malos momentos. O \u00fanico irm\u00e1n do seu pai est\u00e1 enfermo de gravidade. E a s\u00faa colaboraci\u00f3n no programa radiof\u00f3nico de Onda Vigo estase volvendo cada vez m\u00e1is inaturable. Tampouco non facilita as cousas o car\u00e1cter arroutado de Rafael Est\u00e9vez, o seu axudante aragon\u00e9s, que non se d\u00e1 adaptado \u00e1 retranca e os sobreentendidos dos galegos.<\/p>\n\n\n\n<p>Sinopse tomada do <a href=\"https:\/\/www.amazon.es\/dp\/9788491514329\/ref=as_li_ss_tl?&amp;tag=leonegra-21\">libro<\/a><\/p>\n","protected":false},"featured_media":72536,"parent":0,"comment_status":"open","ping_status":"closed","template":"","meta":{"_uag_custom_page_level_css":"","site-sidebar-layout":"default","site-content-layout":"default","ast-site-content-layout":"default","site-content-style":"default","site-sidebar-style":"default","ast-global-header-display":"","ast-banner-title-visibility":"","ast-main-header-display":"","ast-hfb-above-header-display":"","ast-hfb-below-header-display":"","ast-hfb-mobile-header-display":"","site-post-title":"","ast-breadcrumbs-content":"","ast-featured-img":"","footer-sml-layout":"","ast-disable-related-posts":"","theme-transparent-header-meta":"default","adv-header-id-meta":"","stick-header-meta":"default","header-above-stick-meta":"","header-main-stick-meta":"","header-below-stick-meta":"","astra-migrate-meta-layouts":"set","ast-page-background-enabled":"default","ast-page-background-meta":{"desktop":{"background-color":"","background-image":"","background-repeat":"repeat","background-position":"center center","background-size":"auto","background-attachment":"scroll","background-type":"","background-media":"","overlay-type":"","overlay-color":"","overlay-opacity":"","overlay-gradient":""},"tablet":{"background-color":"","background-image":"","background-repeat":"repeat","background-position":"center center","background-size":"auto","background-attachment":"scroll","background-type":"","background-media":"","overlay-type":"","overlay-color":"","overlay-opacity":"","overlay-gradient":""},"mobile":{"background-color":"","background-image":"","background-repeat":"repeat","background-position":"center center","background-size":"auto","background-attachment":"scroll","background-type":"","background-media":"","overlay-type":"","overlay-color":"","overlay-opacity":"","overlay-gradient":""}},"ast-content-background-meta":{"desktop":{"background-color":"var(--ast-global-color-5)","background-image":"","background-repeat":"repeat","background-position":"center center","background-size":"auto","background-attachment":"scroll","background-type":"","background-media":"","overlay-type":"","overlay-color":"","overlay-opacity":"","overlay-gradient":""},"tablet":{"background-color":"var(--ast-global-color-5)","background-image":"","background-repeat":"repeat","background-position":"center center","background-size":"auto","background-attachment":"scroll","background-type":"","background-media":"","overlay-type":"","overlay-color":"","overlay-opacity":"","overlay-gradient":""},"mobile":{"background-color":"var(--ast-global-color-5)","background-image":"","background-repeat":"repeat","background-position":"center center","background-size":"auto","background-attachment":"scroll","background-type":"","background-media":"","overlay-type":"","overlay-color":"","overlay-opacity":"","overlay-gradient":""}}},"categories":[24423,20568],"editorial":[344],"ano":[538],"idioma":[24549],"formato":[499],"serie":[20579],"autoridad":[20580],"audio":[],"tiene-resena":[],"class_list":["post-92","libro","type-libro","status-publish","has-post-thumbnail","hentry","category-libros-gl","category-leido-gl","editorial-galaxia","ano-538","idioma-galego","formato-impreso","serie-leo-caldas-gl","autoridad-domingo-villar-gl"],"yoast_head":"<!-- This site is optimized with the Yoast SEO plugin v27.5 - https:\/\/yoast.com\/product\/yoast-seo-wordpress\/ -->\n<title>A praia dos afogados | A mi\u00f1a biblioteca negra<\/title>\n<meta name=\"description\" content=\"A praia dos afogados | Unha ma\u00f1\u00e1, o cad\u00e1ver dun mari\u00f1eiro \u00e9 arrastrado pola marea ata unha praia da vila de Panx\u00f3n, na r\u00eda de Vigo. Se non...\" \/>\n<meta name=\"robots\" content=\"index, follow, max-snippet:-1, max-image-preview:large, max-video-preview:-1\" \/>\n<link rel=\"canonical\" href=\"https:\/\/leonegra.com\/gl\/libro\/a-praia-dos-afogados\/\" \/>\n<meta property=\"og:locale\" content=\"gl_ES\" \/>\n<meta property=\"og:type\" content=\"article\" \/>\n<meta property=\"og:title\" content=\"A praia dos afogados | A mi\u00f1a biblioteca negra\" \/>\n<meta property=\"og:description\" content=\"A praia dos afogados | Unha ma\u00f1\u00e1, o cad\u00e1ver dun mari\u00f1eiro \u00e9 arrastrado pola marea ata unha praia da vila de Panx\u00f3n, na r\u00eda de Vigo. Se non...\" \/>\n<meta property=\"og:url\" content=\"https:\/\/leonegra.com\/gl\/libro\/a-praia-dos-afogados\/\" \/>\n<meta property=\"og:site_name\" content=\"A mi\u00f1a biblioteca negra\" \/>\n<meta property=\"article:modified_time\" content=\"2025-09-23T21:12:12+00:00\" \/>\n<meta property=\"og:image\" content=\"https:\/\/leonegra.com\/wp-content\/uploads\/2010\/01\/0092-a-praia-dos-afogados.webp\" \/>\n\t<meta property=\"og:image:width\" content=\"200\" \/>\n\t<meta property=\"og:image:height\" content=\"303\" \/>\n\t<meta property=\"og:image:type\" content=\"image\/webp\" \/>\n<meta name=\"twitter:card\" content=\"summary_large_image\" \/>\n<meta name=\"twitter:label1\" content=\"Tempo de lectura\" \/>\n\t<meta name=\"twitter:data1\" content=\"1 minute\" \/>\n<script type=\"application\/ld+json\" class=\"yoast-schema-graph\">{\"@context\":\"https:\\\/\\\/schema.org\",\"@graph\":[{\"@type\":\"WebPage\",\"@id\":\"https:\\\/\\\/leonegra.com\\\/gl\\\/libro\\\/a-praia-dos-afogados\\\/\",\"url\":\"https:\\\/\\\/leonegra.com\\\/gl\\\/libro\\\/a-praia-dos-afogados\\\/\",\"name\":\"A praia dos afogados | A mi\u00f1a biblioteca negra\",\"isPartOf\":{\"@id\":\"https:\\\/\\\/leonegra.com\\\/gl\\\/#website\"},\"primaryImageOfPage\":{\"@id\":\"https:\\\/\\\/leonegra.com\\\/gl\\\/libro\\\/a-praia-dos-afogados\\\/#primaryimage\"},\"image\":{\"@id\":\"https:\\\/\\\/leonegra.com\\\/gl\\\/libro\\\/a-praia-dos-afogados\\\/#primaryimage\"},\"thumbnailUrl\":\"https:\\\/\\\/leonegra.com\\\/wp-content\\\/uploads\\\/2010\\\/01\\\/0092-a-praia-dos-afogados.webp\",\"datePublished\":\"2010-01-16T21:00:52+00:00\",\"dateModified\":\"2025-09-23T21:12:12+00:00\",\"description\":\"A praia dos afogados | Unha ma\u00f1\u00e1, o cad\u00e1ver dun mari\u00f1eiro \u00e9 arrastrado pola marea ata unha praia da vila de Panx\u00f3n, na r\u00eda de Vigo. Se non...\",\"breadcrumb\":{\"@id\":\"https:\\\/\\\/leonegra.com\\\/gl\\\/libro\\\/a-praia-dos-afogados\\\/#breadcrumb\"},\"inLanguage\":\"gl-ES\",\"potentialAction\":[{\"@type\":\"ReadAction\",\"target\":[\"https:\\\/\\\/leonegra.com\\\/gl\\\/libro\\\/a-praia-dos-afogados\\\/\"]}]},{\"@type\":\"ImageObject\",\"inLanguage\":\"gl-ES\",\"@id\":\"https:\\\/\\\/leonegra.com\\\/gl\\\/libro\\\/a-praia-dos-afogados\\\/#primaryimage\",\"url\":\"https:\\\/\\\/leonegra.com\\\/wp-content\\\/uploads\\\/2010\\\/01\\\/0092-a-praia-dos-afogados.webp\",\"contentUrl\":\"https:\\\/\\\/leonegra.com\\\/wp-content\\\/uploads\\\/2010\\\/01\\\/0092-a-praia-dos-afogados.webp\",\"width\":200,\"height\":303,\"caption\":\"A praia dos afogados\"},{\"@type\":\"BreadcrumbList\",\"@id\":\"https:\\\/\\\/leonegra.com\\\/gl\\\/libro\\\/a-praia-dos-afogados\\\/#breadcrumb\",\"itemListElement\":[{\"@type\":\"ListItem\",\"position\":1,\"name\":\"Portada\",\"item\":\"https:\\\/\\\/leonegra.com\\\/gl\\\/\"},{\"@type\":\"ListItem\",\"position\":2,\"name\":\"Libros\",\"item\":\"https:\\\/\\\/leonegra.com\\\/gl\\\/libro\\\/\"},{\"@type\":\"ListItem\",\"position\":3,\"name\":\"A praia dos afogados\"}]},{\"@type\":\"WebSite\",\"@id\":\"https:\\\/\\\/leonegra.com\\\/gl\\\/#website\",\"url\":\"https:\\\/\\\/leonegra.com\\\/gl\\\/\",\"name\":\"Mi biblioteca negra\",\"description\":\"\",\"publisher\":{\"@id\":\"https:\\\/\\\/leonegra.com\\\/gl\\\/#\\\/schema\\\/person\\\/167e6db386d83c82c56658a2e297b976\"},\"potentialAction\":[{\"@type\":\"SearchAction\",\"target\":{\"@type\":\"EntryPoint\",\"urlTemplate\":\"https:\\\/\\\/leonegra.com\\\/gl\\\/?s={search_term_string}\"},\"query-input\":{\"@type\":\"PropertyValueSpecification\",\"valueRequired\":true,\"valueName\":\"search_term_string\"}}],\"inLanguage\":\"gl-ES\"},{\"@type\":[\"Person\",\"Organization\"],\"@id\":\"https:\\\/\\\/leonegra.com\\\/gl\\\/#\\\/schema\\\/person\\\/167e6db386d83c82c56658a2e297b976\",\"name\":\"Marta\",\"image\":{\"@type\":\"ImageObject\",\"inLanguage\":\"gl-ES\",\"@id\":\"https:\\\/\\\/leonegra.com\\\/wp-content\\\/uploads\\\/2025\\\/09\\\/00-05-leo-copia.jpg\",\"url\":\"https:\\\/\\\/leonegra.com\\\/wp-content\\\/uploads\\\/2025\\\/09\\\/00-05-leo-copia.jpg\",\"contentUrl\":\"https:\\\/\\\/leonegra.com\\\/wp-content\\\/uploads\\\/2025\\\/09\\\/00-05-leo-copia.jpg\",\"width\":512,\"height\":384,\"caption\":\"Marta\"},\"logo\":{\"@id\":\"https:\\\/\\\/leonegra.com\\\/wp-content\\\/uploads\\\/2025\\\/09\\\/00-05-leo-copia.jpg\"}}]}<\/script>\n<!-- \/ Yoast SEO plugin. -->","yoast_head_json":{"title":"A praia dos afogados | A mi\u00f1a biblioteca negra","description":"A praia dos afogados | Unha ma\u00f1\u00e1, o cad\u00e1ver dun mari\u00f1eiro \u00e9 arrastrado pola marea ata unha praia da vila de Panx\u00f3n, na r\u00eda de Vigo. Se non...","robots":{"index":"index","follow":"follow","max-snippet":"max-snippet:-1","max-image-preview":"max-image-preview:large","max-video-preview":"max-video-preview:-1"},"canonical":"https:\/\/leonegra.com\/gl\/libro\/a-praia-dos-afogados\/","og_locale":"gl_ES","og_type":"article","og_title":"A praia dos afogados | A mi\u00f1a biblioteca negra","og_description":"A praia dos afogados | Unha ma\u00f1\u00e1, o cad\u00e1ver dun mari\u00f1eiro \u00e9 arrastrado pola marea ata unha praia da vila de Panx\u00f3n, na r\u00eda de Vigo. Se non...","og_url":"https:\/\/leonegra.com\/gl\/libro\/a-praia-dos-afogados\/","og_site_name":"A mi\u00f1a biblioteca negra","article_modified_time":"2025-09-23T21:12:12+00:00","og_image":[{"width":200,"height":303,"url":"https:\/\/leonegra.com\/wp-content\/uploads\/2010\/01\/0092-a-praia-dos-afogados.webp","type":"image\/webp"}],"twitter_card":"summary_large_image","twitter_misc":{"Tempo de lectura":"1 minute"},"schema":{"@context":"https:\/\/schema.org","@graph":[{"@type":"WebPage","@id":"https:\/\/leonegra.com\/gl\/libro\/a-praia-dos-afogados\/","url":"https:\/\/leonegra.com\/gl\/libro\/a-praia-dos-afogados\/","name":"A praia dos afogados | A mi\u00f1a biblioteca negra","isPartOf":{"@id":"https:\/\/leonegra.com\/gl\/#website"},"primaryImageOfPage":{"@id":"https:\/\/leonegra.com\/gl\/libro\/a-praia-dos-afogados\/#primaryimage"},"image":{"@id":"https:\/\/leonegra.com\/gl\/libro\/a-praia-dos-afogados\/#primaryimage"},"thumbnailUrl":"https:\/\/leonegra.com\/wp-content\/uploads\/2010\/01\/0092-a-praia-dos-afogados.webp","datePublished":"2010-01-16T21:00:52+00:00","dateModified":"2025-09-23T21:12:12+00:00","description":"A praia dos afogados | Unha ma\u00f1\u00e1, o cad\u00e1ver dun mari\u00f1eiro \u00e9 arrastrado pola marea ata unha praia da vila de Panx\u00f3n, na r\u00eda de Vigo. Se non...","breadcrumb":{"@id":"https:\/\/leonegra.com\/gl\/libro\/a-praia-dos-afogados\/#breadcrumb"},"inLanguage":"gl-ES","potentialAction":[{"@type":"ReadAction","target":["https:\/\/leonegra.com\/gl\/libro\/a-praia-dos-afogados\/"]}]},{"@type":"ImageObject","inLanguage":"gl-ES","@id":"https:\/\/leonegra.com\/gl\/libro\/a-praia-dos-afogados\/#primaryimage","url":"https:\/\/leonegra.com\/wp-content\/uploads\/2010\/01\/0092-a-praia-dos-afogados.webp","contentUrl":"https:\/\/leonegra.com\/wp-content\/uploads\/2010\/01\/0092-a-praia-dos-afogados.webp","width":200,"height":303,"caption":"A praia dos afogados"},{"@type":"BreadcrumbList","@id":"https:\/\/leonegra.com\/gl\/libro\/a-praia-dos-afogados\/#breadcrumb","itemListElement":[{"@type":"ListItem","position":1,"name":"Portada","item":"https:\/\/leonegra.com\/gl\/"},{"@type":"ListItem","position":2,"name":"Libros","item":"https:\/\/leonegra.com\/gl\/libro\/"},{"@type":"ListItem","position":3,"name":"A praia dos afogados"}]},{"@type":"WebSite","@id":"https:\/\/leonegra.com\/gl\/#website","url":"https:\/\/leonegra.com\/gl\/","name":"Mi biblioteca negra","description":"","publisher":{"@id":"https:\/\/leonegra.com\/gl\/#\/schema\/person\/167e6db386d83c82c56658a2e297b976"},"potentialAction":[{"@type":"SearchAction","target":{"@type":"EntryPoint","urlTemplate":"https:\/\/leonegra.com\/gl\/?s={search_term_string}"},"query-input":{"@type":"PropertyValueSpecification","valueRequired":true,"valueName":"search_term_string"}}],"inLanguage":"gl-ES"},{"@type":["Person","Organization"],"@id":"https:\/\/leonegra.com\/gl\/#\/schema\/person\/167e6db386d83c82c56658a2e297b976","name":"Marta","image":{"@type":"ImageObject","inLanguage":"gl-ES","@id":"https:\/\/leonegra.com\/wp-content\/uploads\/2025\/09\/00-05-leo-copia.jpg","url":"https:\/\/leonegra.com\/wp-content\/uploads\/2025\/09\/00-05-leo-copia.jpg","contentUrl":"https:\/\/leonegra.com\/wp-content\/uploads\/2025\/09\/00-05-leo-copia.jpg","width":512,"height":384,"caption":"Marta"},"logo":{"@id":"https:\/\/leonegra.com\/wp-content\/uploads\/2025\/09\/00-05-leo-copia.jpg"}}]}},"uagb_featured_image_src":{"full":["https:\/\/leonegra.com\/wp-content\/uploads\/2010\/01\/0092-a-praia-dos-afogados.webp",200,303,false],"thumbnail":["https:\/\/leonegra.com\/wp-content\/uploads\/2010\/01\/0092-a-praia-dos-afogados.webp",63,96,false],"medium":["https:\/\/leonegra.com\/wp-content\/uploads\/2010\/01\/0092-a-praia-dos-afogados.webp",200,303,false],"medium_large":["https:\/\/leonegra.com\/wp-content\/uploads\/2010\/01\/0092-a-praia-dos-afogados.webp",200,303,false],"large":["https:\/\/leonegra.com\/wp-content\/uploads\/2010\/01\/0092-a-praia-dos-afogados.webp",200,303,false],"1536x1536":["https:\/\/leonegra.com\/wp-content\/uploads\/2010\/01\/0092-a-praia-dos-afogados.webp",200,303,false],"2048x2048":["https:\/\/leonegra.com\/wp-content\/uploads\/2010\/01\/0092-a-praia-dos-afogados.webp",200,303,false]},"uagb_author_info":{"display_name":"Marta","author_link":"https:\/\/leonegra.com\/gl\/author\/"},"uagb_comment_info":0,"uagb_excerpt":"Sinopse de A praia dos afogados En A praia dos afogados, unha ma\u00f1\u00e1, o cad\u00e1ver dun mari\u00f1eiro \u00e9 arrastrado pola marea ata unha praia da vila de Panx\u00f3n, na r\u00eda de Vigo. Se non fose porque ten as mans atadas cunha brida de pl\u00e1stico, Xusto Castelo hab\u00eda ser outro mari\u00f1eiro que encontrou a s\u00faa tumba&hellip;","_links":{"self":[{"href":"https:\/\/leonegra.com\/gl\/wp-json\/wp\/v2\/libro\/92","targetHints":{"allow":["GET"]}}],"collection":[{"href":"https:\/\/leonegra.com\/gl\/wp-json\/wp\/v2\/libro"}],"about":[{"href":"https:\/\/leonegra.com\/gl\/wp-json\/wp\/v2\/types\/libro"}],"replies":[{"embeddable":true,"href":"https:\/\/leonegra.com\/gl\/wp-json\/wp\/v2\/comments?post=92"}],"wp:featuredmedia":[{"embeddable":true,"href":"https:\/\/leonegra.com\/gl\/wp-json\/wp\/v2\/media\/72536"}],"wp:attachment":[{"href":"https:\/\/leonegra.com\/gl\/wp-json\/wp\/v2\/media?parent=92"}],"wp:term":[{"taxonomy":"category","embeddable":true,"href":"https:\/\/leonegra.com\/gl\/wp-json\/wp\/v2\/categories?post=92"},{"taxonomy":"editorial","embeddable":true,"href":"https:\/\/leonegra.com\/gl\/wp-json\/wp\/v2\/editorial?post=92"},{"taxonomy":"ano","embeddable":true,"href":"https:\/\/leonegra.com\/gl\/wp-json\/wp\/v2\/ano?post=92"},{"taxonomy":"idioma","embeddable":true,"href":"https:\/\/leonegra.com\/gl\/wp-json\/wp\/v2\/idioma?post=92"},{"taxonomy":"formato","embeddable":true,"href":"https:\/\/leonegra.com\/gl\/wp-json\/wp\/v2\/formato?post=92"},{"taxonomy":"serie","embeddable":true,"href":"https:\/\/leonegra.com\/gl\/wp-json\/wp\/v2\/serie?post=92"},{"taxonomy":"autoridad","embeddable":true,"href":"https:\/\/leonegra.com\/gl\/wp-json\/wp\/v2\/autoridad?post=92"},{"taxonomy":"audio","embeddable":true,"href":"https:\/\/leonegra.com\/gl\/wp-json\/wp\/v2\/audio?post=92"},{"taxonomy":"tiene-resena","embeddable":true,"href":"https:\/\/leonegra.com\/gl\/wp-json\/wp\/v2\/tiene-resena?post=92"}],"curies":[{"name":"wp","href":"https:\/\/api.w.org\/{rel}","templated":true}]}}